{"id":2283,"date":"2019-05-09T13:33:16","date_gmt":"2019-05-09T11:33:16","guid":{"rendered":"https:\/\/sintraportbcn.indianwebs.es\/?page_id=2283"},"modified":"2024-02-07T12:31:01","modified_gmt":"2024-02-07T11:31:01","slug":"serveis","status":"publish","type":"page","link":"https:\/\/sintraportbcn.com\/ca\/serveis\/","title":{"rendered":"Serveis"},"content":{"rendered":"<ul>\n<li>\n<h3>Renovaci\u00f3 de targeta d&#8217;acc\u00e9s al port. Autoritzaci\u00f3 Gen\u00e8rica (AG).<\/h3>\n<div>\n<p>De conformitat amb all\u00f2 establert a la legislaci\u00f3 aplicable als ports d&#8217;inter\u00e8s general, la prestaci\u00f3 de serveis comercials i el desenvolupament d&#8217;activitats industrials, comercials o de serveis per tercers requerir\u00e0 l&#8217;obtenci\u00f3 d&#8217;autoritzaci\u00f3 de l&#8217;Autoritat Portu\u00e0ria.<\/p>\n<p>El desenvolupament de l&#8217;activitat de transport terrestre de contenidors al Port de Barcelona requereix l&#8217;obtenci\u00f3 pr\u00e8via d&#8217;una autoritzaci\u00f3 atorgada per l&#8217;Autoritat Portu\u00e0ria, atorgada d&#8217;acord amb el que disposen les condicions particulars.<\/p>\n<p>L&#8217;Autoritzaci\u00f3 Gen\u00e8rica (AG) habilita el seu titular per desenvolupar l&#8217;activitat de transport terrestre de contenidors al Port de Barcelona durant un per\u00edode de temps de tres anys, amb uns conductors i unes tractores determinats.<\/p>\n<\/div>\n<\/li>\n<li>\n<h3>Gesti\u00f3 de contractes P\u00e0rquing Far i gesti\u00f3 de llista d&#8217;espera per a pla\u00e7a a P\u00e0rquing associaci\u00f3.<\/h3>\n<div>\n<p><strong>P\u00c0RQUING FARO<\/strong><br \/>Les places estan orientades als vehicles de les empreses dedicades al transport de contenidors en possessi\u00f3 o tr\u00e0mit d&#8217;una autoritzaci\u00f3 gen\u00e8rica. Aquestes places s\u00f3n assignades mitjan\u00e7ant un procediment de sorteig, les bases del qual es poden consultar al Plec de Condicions. Tamb\u00e9 disposa de places de rotaci\u00f3 o estada temporal de pagament.<\/p>\n<p>Ubicaci\u00f3: c\/ 5, Zona Franca<\/p>\n<p>Nombre de pla\u00e7es disponibles de pupil\u00b7latge:<\/p>\n<p>434 places tipus A (&gt; de 15 m)<br \/>23 places tipus B (entre 12 i 15 m)<br \/>32 places tipus C (&lt; de 12 m)<\/p>\n<p><strong>P\u00c0RQUING ASSOCIACI\u00d3<\/strong><br \/>Les places estan dedicades exclusivament als associats i es gestionen a trav\u00e9s d&#8217;una llista d&#8217;espera.<\/p>\n<p>Ubicaci\u00f3: C\/Z, Zona Franca<\/p>\n<p>173 Places 17,50 m<br \/>10 Places 15,00 m<br \/>10 Places 12,50 m<\/p>\n<\/div>\n<\/li>\n<li>\n<h3>Tramitaci\u00f3 contractes amb distribu\u00efdores de combustible<\/h3>\n<div>\n<p>Petroprix, Solred, Ressa, Galp, Gm, Petromiralles<br \/>Descomptes exclusius per a associats.<\/p>\n<\/div>\n<\/li>\n<li>\n<h3>Serveis jur\u00eddics per a gestions relacionades amb l&#8217;activitat del transport<\/h3>\n<div>\n<p>Prestaci\u00f3 dassist\u00e8ncia jur\u00eddica en transport.<\/p>\n<p>Possibilitat de representaci\u00f3 en cas de litigi.<\/p>\n<p>Consulta de lleis i exig\u00e8ncies vigents actualment.<\/p>\n<p>Elaboraci\u00f3 de plans dactuaci\u00f3 acords a la normativa.<\/p>\n<p>Assessoria en mat\u00e8ria general de transports.<\/p>\n<\/div>\n<\/li>\n<li>\n<h3>Contactes per treballar a empreses de transport del port de Barcelona o possibilitat de treballar directament per a la cooperativa<\/h3>\n<div>\n<p>Mantenim una estreta relaci\u00f3 amb la majoria de les principals empreses de transport de contenidors del port de Barcelona.<\/p>\n<p>Aix\u00ed mateix, la cooperativa ofereix servei de transport propi i en funci\u00f3 de volums i necessitats es pot ampliar la plantilla de conductors dedicada.<\/p>\n<\/div>\n<\/li>\n<li>\n<h3>Descomptes especials en la compra de pneum\u00e0tics i recanvis a trav\u00e9s de diferents empreses<\/h3>\n<div>\n<p>Els acords especials amb els prove\u00efdors principals ens permeten oferir unes condicions avantatjoses per a l&#8217;adquisici\u00f3 i el muntatge de pneum\u00e0tics.<\/p>\n<\/div>\n<\/li>\n<li>\n<h3>Renovaci\u00f3 de targetes de transports i tac\u00f2grafs<\/h3>\n<div>\n<p>La targeta de conductor haur\u00e0 de ser renovada a petici\u00f3 de linteressat en un termini m\u00e0xim de quinze dies h\u00e0bils abans de la data de caducitat de la targeta. La targeta de conductor s&#8217;haur\u00e0 de renovar cada cinc anys. Per fer-ho, s&#8217;han d&#8217;adre\u00e7ar a l&#8217;\u00f2rgan competent en mat\u00e8ria de transport per carretera que correspongui al lloc on el sol\u00b7licitant tingui la seva resid\u00e8ncia.<\/p>\n<p>Les sol\u00b7licituds d&#8217;atorgament de renovaci\u00f3 de targetes de conductor s&#8217;han de formular per Internet o mitjan\u00e7ant un escrit ajustat al model que figura com a annex I de l&#8217;Ordre FOM\/1190\/2005, en qu\u00e8 es faran constar les mateixes dades que les establertes per a la sol\u00b7licitud, amb les seg\u00fcents particularitats:<\/p>\n<p>A la causa de la sol\u00b7licitud es far\u00e0 constar que es tracta de renovaci\u00f3 de targeta de conductor per caducitat.<\/p>\n<p>Cal especificar el n\u00famero de la targeta que es renovar\u00e0. Juntament amb la sol\u00b7licitud, s&#8217;aportar\u00e0 la documentaci\u00f3 assenyalada per a la sol\u00b7licitud o primera emissi\u00f3.<\/p>\n<p>Una vegada comprovada la identitat del sol\u00b7licitant i comprovat el compliment dels requisits, l&#8217;\u00f2rgan competent ha d&#8217;expedir una nova targeta abans de la data de caducitat, sempre que la sol\u00b7licitud o la primera emissi\u00f3 hagi estat presentada dins el termini assenyalat m\u00e9s amunt.<\/p>\n<p>El tac\u00f2graf digital registra i emmagatzema a la mem\u00f2ria ia la de les targetes dels conductors dades per controlar els temps de conducci\u00f3 i descans. D&#8217;aquesta manera s&#8217;incrementa la seguretat a la carretera i es redueixen les pr\u00e0ctiques de compet\u00e8ncia deslleial al sector.<\/p>\n<p>La instal\u00b7laci\u00f3 del tac\u00f2graf digital \u00e9s obligat\u00f2ria per a tots els vehicles matriculats a partir de l&#8217;1 de gener del 2006.<\/p>\n<p>Tots els conductors que en algun moment condueixin vehicles dotats de tac\u00f2graf digital han d&#8217;estar en possessi\u00f3 de la targeta de tac\u00f2graf digital personalitzada.<\/p>\n<p>La nova targeta tindr\u00e0 un termini de validesa de cinc anys i es lliurar\u00e0 al sol\u00b7licitant a l&#8217;oficina emissora o al domicili que s&#8217;hagi determinat a aquest efecte.<\/p>\n<\/div>\n<\/li>\n<li>\n<h3>Gesti\u00f3 administrativa per a l&#8217;emissi\u00f3 de factures a clients<\/h3>\n<div>\n<p>La gesti\u00f3 de factures \u00e9s un dels pilars b\u00e0sics sobre els quals se sustenta un negoci.<\/p>\n<p>El control exhaustiu dels processos d&#8217;emissi\u00f3, recepci\u00f3, gesti\u00f3, cobrament i\/o pagament de factures permet optimitzar les relacions de l&#8217;aut\u00f2nom amb clients i prove\u00efdors i assegurar-se la salut econ\u00f2mica de l&#8217;activitat.<\/p>\n<p>El control de la facturaci\u00f3 tamb\u00e9 contribueix a millorar el compliment de les obligacions comptables i fiscals.<\/p>\n<\/div>\n<\/li>\n<li>\n<h3>Organitzaci\u00f3 de Cursos de CAP i ADR subvencionats<\/h3>\n<div>\n<p><strong>Curs CAP Mercaderies<\/strong><\/p>\n<p>El curs del CAP Inicial t\u00e9 com a objectiu obtenir el certificat d&#8217;aptitud professional, obligatori per a tots els conductors professionals que pretenguin exercir el transport per carretera. Aquest certificat acredita que s&#8217;han superat els cursos i els ex\u00e0mens exigits per a l&#8217;obtenci\u00f3 de la qualificaci\u00f3 inicial dels conductors. Hi ha dues especialitats per obtenir el CAP Inicial: Mercaderies i Viatgers. El CAP de Mercaderies (140h) est\u00e0 dirigit a aquells conductors que a la seva activitat laboral transportin mercaderies.<\/p>\n<p>El curs t\u00e9 una durada de 140 hores i una validesa de 5 anys, i es renova amb el curs de CAP Renovaci\u00f3 de 35 hores.<\/p>\n<p><strong>Curs ADR<\/strong><\/p>\n<p>El carnet ADR \u00e9s la titulaci\u00f3 obligat\u00f2ria per transportar Mercaderies Perilloses per carretera. S&#8217;obt\u00e9 fent un curs ADR B\u00e0sic (20 hores) i un examen te\u00f2ric (30 preguntes).<\/p>\n<p>A m\u00e9s del curs ADR B\u00e0sic hi ha especialitats per al transport de determinades mercaderies:<\/p>\n<p>&#8211; ADR Cisternes (9 hores)<br \/>&#8211; ADR Explosius (9 hores)<\/p>\n<\/div>\n<\/li>\n<li>\n<h3>Cobertura de salut incloent ictus i infarts i asseguran\u00e7a d&#8217;accidents col\u00b7lectiu<\/h3>\n<div>\n<p>Les assegurances de vida risc s\u00f3n una manera de protegir el futur duna persona i dels seus familiars. El m\u00e9s com\u00fa \u00e9s que es contracti de manera individual, per\u00f2 alguns col\u00b7lectius volen oferir aquest benefici als seus associats. D&#8217;aquesta manera, la companyia \u00e9s considerada com a prenedor, mentre que cadascun dels seus socis ser\u00e0 l&#8217;assegurat. En aquest cas, els beneficiaris de la p\u00f2lissa s\u00f3n els familiars de la persona assegurada.<\/p>\n<\/div>\n<\/li>\n<li>\n<h3>Servei de guarda i cust\u00f2dia de dades del tac\u00f2graf, aix\u00ed com venda de discos i paper<\/h3>\n<div>\n<p>La guarda i cust\u00f2dia del tac\u00f2graf digital \u00e9s un servei que es contracta per guardar c\u00f2pies de tots els fitxers descarregats del tac\u00f2graf. Ja sigui usant una clau de desc\u00e0rrega o amb un sistema de desc\u00e0rrega remota, l&#8217;empresa contractada per a aquesta funci\u00f3 permet enviar o pujar els fitxers perqu\u00e8 siguin emmagatzemats en plataformes segures. D&#8217;aquesta manera, els fitxers no es perdran per una fallada inform\u00e0tica. Tamb\u00e9 es redueix el risc que robin o es facin malb\u00e9 les dades per un virus. En conjunt, suposen un estalvi de diners.<\/p>\n<\/div>\n<\/li>\n<li>\n<h3>Safareig de camions a les nostres instal\u00b7lacions amb descomptes especials per als associats<\/h3>\n<div>\n<p>Rentat i assecat TOTALMENT MANUALS, cura acurada de carrosseria, tapisseries i interiors.<\/p>\n<p>Diferents programes de rentat MANUAL exterior i interior.<\/p>\n<p>Utilitzaci\u00f3 de productes biodegradables, NO abrasius. (certificats) respectuosos amb tots els elements del vehicle, i tamb\u00e9 amb el medi ambient.<\/p>\n<p>Cites concertades.<\/p>\n<\/div>\n<\/li>\n<li>\n<h3>Associaci\u00f3 Fenatport<\/h3>\n<div>\n<p>Associacions de transportistes aut\u00f2noms portuaris que operen amb exclusivitat als principals ports espanyols, aix\u00ed com terminals i ports secs de tot l&#8217;Estat, van assentar el novembre de 2006, les bases per consolidar-les com una federaci\u00f3 de professionals a nivell nacional.<\/p>\n<p>El seu objectiu principal \u00e9s el reconeixement del transport mar\u00edtim terrestre com a servei portuari m\u00e9s, i aix\u00ed amb l&#8217;aval del treball desenvolupat per les seves associacions durant molts anys i amb la finalitat d&#8217;assolir una s\u00e8rie de metes i objectius que permetin que aquest sector es desenvolupi dins d&#8217;un marc de qualitat total, diverses associacions amb un inter\u00e8s com\u00fa, el del sector del transport terrestre portuari, van constituir el novembre del 2006 aquesta Federaci\u00f3.<\/p>\n<p>FENATPORT ha apostat decididament per formar part i estar presents en tots aquells \u00e0mbits i f\u00f2rums on es decideixi sobre el futur del transport, per aix\u00f2 la seva constituci\u00f3 com a Federaci\u00f3, ia trav\u00e9s de la unitat i del treball coordinat poder situar-se en les millors condicions possibles per assolir les millors cotes d&#8217;efic\u00e0cia i qualitat per als transportistes portuaris, darrere del reconeixement com un servei portuari m\u00e9s.<\/p>\n<p>Tamb\u00e9 aposten per la defensa d&#8217;un sector que sigui un exemple clar de sostenibilitat i desenvolupament, combatent amb decisi\u00f3 totes aquelles accions de compet\u00e8ncia deslleial que es puguin donar, de l&#8217;elaboraci\u00f3 d&#8217;una proposta ferma de normativa d&#8217;obligacions i drets per a l&#8217;exercici de la activitat, tenint en compte que el transport portuari \u00e9s un servei que es presta amb absoluta exclusivitat i en unes condicions marcada per les caracter\u00edstiques pr\u00f2pies de la faceta terrestre de la intermodalitat, etc.<\/p>\n<p>Actualment formen part de la Federaci\u00f3 les seg\u00fcents Associacions: Cotraport (Barcelona), Transcont Tarragona, Transcont Val\u00e8ncia, i Asotrava (Bilbao).<\/p>\n<p>Han aconseguit tenir representaci\u00f3 directa al Comit\u00e8 Nacional del Transport de Mercaderies per Carretera a trav\u00e9s de la seva incorporaci\u00f3 a FETRANSA, i aix\u00ed poder tenir veu en els assumptes relacionats amb l&#8217;ordenaci\u00f3 del transport per carretera nivell d&#8217;institucions estatals i fins i tot a nivell comunitari i europeu .<\/p>\n<\/div>\n<\/li>\n<li>\n<h3>Associaci\u00f3 Fetransa<\/h3>\n<div>\n<p>La Federaci\u00f3 Espanyola de Transport Discrecional de Mercaderies, FETRANSA, \u00e9s una Federaci\u00f3 de Transports creada a l&#8217;empara de la Llei 19\/77, que agrupa diverses organitzacions empresarials de transport de mercaderies per carretera del nostre pa\u00eds.<\/p>\n<p>Va ser constitu\u00efda l&#8217;any 2.000 per diverses associacions provincials de transportistes que coincidint plenament en els seus plantejaments respecte de la situaci\u00f3 del nostre sector, van decidir unir-se per ser una sola veu en la defensa i representaci\u00f3 del transportista aut\u00f2nom i la petita i mitjana empresa de transports de mercaderies per carretera.<\/p>\n<p>FETRANSA, al llarg d&#8217;aquests anys s&#8217;ha anat consolidant i avui \u00e9s el dia que es pot dir clarament, que t\u00e9 identitat pr\u00f2pia, que les seves opinions s\u00f3n tingudes en compte a tots els f\u00f2rums de debat del transport, i que t\u00e9 una participaci\u00f3 activa al principal \u00f2rgan consultiu que t\u00e9 el nostre sector, com \u00e9s el Comit\u00e8 Nacional del Transport.<\/p>\n<p>Amb poc esfor\u00e7 FETRANSA s&#8217;ha dotat d&#8217;una infraestructura que actualment li permet tenir seu social a Madrid i atendre totes les gestions que requereixen els seus afiliats, a m\u00e9s d&#8217;anar a les diferents reunions sectorials que es mantenen constantment amb l&#8217;Administraci\u00f3.<\/p>\n<\/div>\n<\/li>\n<\/ul>\n<p><!--more--><br \/>\n<!-- {\"type\":\"layout\",\"children\":[{\"type\":\"section\",\"props\":{\"divider_height\":\"120\",\"divider_position\":\"top\",\"divider_width\":\"100\",\"image\":\"wp-content\\\/uploads\\\/2023\\\/10\\\/apm-terminals-barcelona.jpg\",\"image_position\":\"center-center\",\"image_size\":\"cover\",\"padding\":\"large\",\"padding_custom_bottom\":\"40\",\"padding_custom_top\":\"40\",\"style\":\"secondary\",\"style_custom_color\":\"#ccc\",\"title_breakpoint\":\"xl\",\"title_position\":\"top-left\",\"title_rotation\":\"left\",\"vertical_align\":\"middle\",\"width\":\"large\"},\"children\":[{\"type\":\"row\",\"children\":[{\"type\":\"column\",\"props\":{\"image_position\":\"center-center\",\"position_sticky_breakpoint\":\"m\"},\"children\":[{\"type\":\"headline\",\"props\":{\"class\":\"xp_title_shadow\",\"text_align\":\"center\",\"title_element\":\"h1\"},\"source\":{\"query\":{\"name\":\"pages.singlePage\"},\"props\":{\"content\":{\"filters\":{\"search\":\"\"},\"name\":\"title\"}}}}]}]}],\"name\":\"cabecera\"},{\"type\":\"section\",\"props\":{\"image_position\":\"center-center\",\"style\":\"default\",\"title_breakpoint\":\"xl\",\"title_position\":\"top-left\",\"title_rotation\":\"left\",\"vertical_align\":\"middle\",\"width\":\"large\"},\"children\":[{\"type\":\"row\",\"children\":[{\"type\":\"column\",\"props\":{\"image_position\":\"center-center\",\"position_sticky_breakpoint\":\"m\"},\"children\":[{\"type\":\"accordion\",\"props\":{\"attributes\":\"uk-scrollspy= cls: uk-animation-slide-right-small; repeat: false; delay: 200; target: .uk-panel;\\n\",\"collapsible\":false,\"content_column_breakpoint\":\"m\",\"image_align\":\"left\",\"image_grid_breakpoint\":\"m\",\"image_grid_column_gap\":\"small\",\"image_grid_row_gap\":\"small\",\"image_grid_width\":\"auto\",\"image_svg_color\":\"emphasis\",\"image_vertical_align\":true,\"link_style\":\"default\",\"link_text\":\"Read more\",\"margin\":\"default\",\"show_image\":true,\"show_link\":true},\"children\":[{\"type\":\"accordion_item\",\"props\":{\"content\":\"\n\n<p>De conformitat amb all\\u00f2 establert a la legislaci\\u00f3 aplicable als ports d'inter\\u00e8s general, la prestaci\\u00f3 de serveis comercials i el desenvolupament d'activitats industrials, comercials o de serveis per tercers requerir\\u00e0 l'obtenci\\u00f3 d'autoritzaci\\u00f3 de l'Autoritat Portu\\u00e0ria.<br \\\/><br \\\/>El desenvolupament de l'activitat de transport terrestre de contenidors al Port de Barcelona requereix l'obtenci\\u00f3 pr\\u00e8via d'una autoritzaci\\u00f3 atorgada per l'Autoritat Portu\\u00e0ria, atorgada d'acord amb el que disposen les condicions particulars.<\\\/p>\\n\n\n<p>L'Autoritzaci\\u00f3 Gen\\u00e8rica (AG) habilita el seu titular per desenvolupar l'activitat de transport terrestre de contenidors al Port de Barcelona durant un per\\u00edode de temps de tres anys, amb uns conductors i unes tractores determinats.<\\\/p>\",\"title\":\"Renovaci\\u00f3 de targeta d'acc\\u00e9s al port. Autoritzaci\\u00f3 Gen\\u00e8rica (AG).\"}},{\"type\":\"accordion_item\",\"props\":{\"content\":\"\n\n<p><strong>P\\u00c0RQUING FARO<\\\/strong><br \\\/>Les places estan orientades als vehicles de les empreses dedicades al transport de contenidors en possessi\\u00f3 o tr\\u00e0mit d'una autoritzaci\\u00f3 gen\\u00e8rica. Aquestes places s\\u00f3n assignades mitjan\\u00e7ant un procediment de sorteig, les bases del qual es poden consultar al Plec de Condicions. Tamb\\u00e9 disposa de places de rotaci\\u00f3 o estada temporal de pagament.<br \\\/><br \\\/><\\\/p>\\n\n\n<p>Ubicaci\\u00f3: c\\\/ 5, Zona Franca<\\\/p>\\n\n\n<p>Nombre de pla\\u00e7es disponibles de pupil\\u00b7latge:<\\\/p>\\n\n\n<p>434 places tipus A (&gt; de 15 m)<br \\\/>23 places tipus B (entre 12 i 15 m)<br \\\/>32 places tipus C (&lt; de 12 m)<\\\/p>\\n\n\n<p><strong>P\\u00c0RQUING ASSOCIACI\\u00d3<\\\/strong><br \\\/>Les places estan dedicades exclusivament als associats i es gestionen a trav\\u00e9s d'una llista d'espera.<br \\\/><br \\\/><\\\/p>\\n\n\n<p>Ubicaci\\u00f3: C\\\/Z, Zona Franca<\\\/p>\\n\n\n<p>173 Places 17,50 m<br \\\/>10 Places 15,00 m<br \\\/>10 Places 12,50 m<\\\/p>\",\"title\":\"Gesti\\u00f3 de contractes P\\u00e0rquing Far i gesti\\u00f3 de llista d'espera per a pla\\u00e7a a P\\u00e0rquing associaci\\u00f3.\"}},{\"type\":\"accordion_item\",\"props\":{\"content\":\"\n\n<p>Petroprix, Solred, Ressa, Galp, Gm, Petromiralles<br \\\/>Descomptes exclusius per a associats.<\\\/p>\",\"title\":\"Tramitaci\\u00f3 contractes amb distribu\\u00efdores de combustible\"}},{\"type\":\"accordion_item\",\"props\":{\"content\":\"\n\n<p>Prestaci\\u00f3 dassist\\u00e8ncia jur\\u00eddica en transport.<\\\/p>\\n\n\n<p>Possibilitat de representaci\\u00f3 en cas de litigi.<\\\/p>\\n\n\n<p>Consulta de lleis i exig\\u00e8ncies vigents actualment.<\\\/p>\\n\n\n<p>Elaboraci\\u00f3 de plans dactuaci\\u00f3 acords a la normativa.<\\\/p>\\n\n\n<p>Assessoria en mat\\u00e8ria general de transports.<\\\/p>\",\"title\":\"Serveis jur\\u00eddics per a gestions relacionades amb l'activitat del transport\"}},{\"type\":\"accordion_item\",\"props\":{\"content\":\"\n\n<p>Mantenim una estreta relaci\\u00f3 amb la majoria de les principals empreses de transport de contenidors del port de Barcelona.<\\\/p>\\n\n\n<p>Aix\\u00ed mateix, la cooperativa ofereix servei de transport propi i en funci\\u00f3 de volums i necessitats es pot ampliar la plantilla de conductors dedicada.<\\\/p>\",\"title\":\"Contactes per treballar a empreses de transport del port de Barcelona o possibilitat de treballar directament per a la cooperativa\"}},{\"type\":\"accordion_item\",\"props\":{\"content\":\"\n\n<p>Els acords especials amb els prove\\u00efdors principals ens permeten oferir unes condicions avantatjoses per a l'adquisici\\u00f3 i el muntatge de pneum\\u00e0tics.<\\\/p>\",\"title\":\"Descomptes especials en la compra de pneum\\u00e0tics i recanvis a trav\\u00e9s de diferents empreses\"}},{\"type\":\"accordion_item\",\"props\":{\"content\":\"\n\n<p>La targeta de conductor haur\\u00e0 de ser renovada a petici\\u00f3 de linteressat en un termini m\\u00e0xim de quinze dies h\\u00e0bils abans de la data de caducitat de la targeta. La targeta de conductor s'haur\\u00e0 de renovar cada cinc anys. Per fer-ho, s'han d'adre\\u00e7ar a l'\\u00f2rgan competent en mat\\u00e8ria de transport per carretera que correspongui al lloc on el sol\\u00b7licitant tingui la seva resid\\u00e8ncia.<\\\/p>\\n\n\n<p>Les sol\\u00b7licituds d'atorgament de renovaci\\u00f3 de targetes de conductor s'han de formular per Internet o mitjan\\u00e7ant un escrit ajustat al model que figura com a annex I de l'Ordre FOM\\\/1190\\\/2005, en qu\\u00e8 es faran constar les mateixes dades que les establertes per a la sol\\u00b7licitud, amb les seg\\u00fcents particularitats:<\\\/p>\\n\n\n<p>A la causa de la sol\\u00b7licitud es far\\u00e0 constar que es tracta de renovaci\\u00f3 de targeta de conductor per caducitat.<\\\/p>\\n\n\n<p>Cal especificar el n\\u00famero de la targeta que es renovar\\u00e0. Juntament amb la sol\\u00b7licitud, s'aportar\\u00e0 la documentaci\\u00f3 assenyalada per a la sol\\u00b7licitud o primera emissi\\u00f3.<\\\/p>\\n\n\n<p>Una vegada comprovada la identitat del sol\\u00b7licitant i comprovat el compliment dels requisits, l'\\u00f2rgan competent ha d'expedir una nova targeta abans de la data de caducitat, sempre que la sol\\u00b7licitud o la primera emissi\\u00f3 hagi estat presentada dins el termini assenyalat m\\u00e9s amunt.<\\\/p>\\n\n\n<p>El tac\\u00f2graf digital registra i emmagatzema a la mem\\u00f2ria ia la de les targetes dels conductors dades per controlar els temps de conducci\\u00f3 i descans. D'aquesta manera s'incrementa la seguretat a la carretera i es redueixen les pr\\u00e0ctiques de compet\\u00e8ncia deslleial al sector.<\\\/p>\\n\n\n<p>La instal\\u00b7laci\\u00f3 del tac\\u00f2graf digital \\u00e9s obligat\\u00f2ria per a tots els vehicles matriculats a partir de l'1 de gener del 2006.<\\\/p>\\n\n\n<p>Tots els conductors que en algun moment condueixin vehicles dotats de tac\\u00f2graf digital han d'estar en possessi\\u00f3 de la targeta de tac\\u00f2graf digital personalitzada.<\\\/p>\\n\n\n<p>La nova targeta tindr\\u00e0 un termini de validesa de cinc anys i es lliurar\\u00e0 al sol\\u00b7licitant a l'oficina emissora o al domicili que s'hagi determinat a aquest efecte.<\\\/p>\",\"title\":\"Renovaci\\u00f3 de targetes de transports i tac\\u00f2grafs\"}},{\"type\":\"accordion_item\",\"props\":{\"content\":\"\n\n<p>La gesti\\u00f3 de factures \\u00e9s un dels pilars b\\u00e0sics sobre els quals se sustenta un negoci.<\\\/p>\\n\n\n<p>El control exhaustiu dels processos d'emissi\\u00f3, recepci\\u00f3, gesti\\u00f3, cobrament i\\\/o pagament de factures permet optimitzar les relacions de l'aut\\u00f2nom amb clients i prove\\u00efdors i assegurar-se la salut econ\\u00f2mica de l'activitat.<\\\/p>\\n\n\n<p>El control de la facturaci\\u00f3 tamb\\u00e9 contribueix a millorar el compliment de les obligacions comptables i fiscals.<\\\/p>\",\"title\":\"Gesti\\u00f3 administrativa per a l'emissi\\u00f3 de factures a clients\"}},{\"type\":\"accordion_item\",\"props\":{\"content\":\"\n\n<p><strong>Curs CAP Mercaderies<\\\/strong><\\\/p>\\n\n\n<p>El curs del CAP Inicial t\\u00e9 com a objectiu obtenir el certificat d'aptitud professional, obligatori per a tots els conductors professionals que pretenguin exercir el transport per carretera. Aquest certificat acredita que s'han superat els cursos i els ex\\u00e0mens exigits per a l'obtenci\\u00f3 de la qualificaci\\u00f3 inicial dels conductors. Hi ha dues especialitats per obtenir el CAP Inicial: Mercaderies i Viatgers. El CAP de Mercaderies (140h) est\\u00e0 dirigit a aquells conductors que a la seva activitat laboral transportin mercaderies.<\\\/p>\\n\n\n<p>El curs t\\u00e9 una durada de 140 hores i una validesa de 5 anys, i es renova amb el curs de CAP Renovaci\\u00f3 de 35 hores.<\\\/p>\\n\n\n<p><strong>Curs ADR<\\\/strong><\\\/p>\\n\n\n<p>El carnet ADR \\u00e9s la titulaci\\u00f3 obligat\\u00f2ria per transportar Mercaderies Perilloses per carretera. S'obt\\u00e9 fent un curs ADR B\\u00e0sic (20 hores) i un examen te\\u00f2ric (30 preguntes).<\\\/p>\\n\n\n<p>A m\\u00e9s del curs ADR B\\u00e0sic hi ha especialitats per al transport de determinades mercaderies:<\\\/p>\\n\n\n<p>- ADR Cisternes (9 hores)<br \\\/>- ADR Explosius (9 hores)<\\\/p>\",\"title\":\"Organitzaci\\u00f3 de Cursos de CAP i ADR subvencionats\"}},{\"type\":\"accordion_item\",\"props\":{\"content\":\"\n\n<p>Les assegurances de vida risc s\\u00f3n una manera de protegir el futur duna persona i dels seus familiars. El m\\u00e9s com\\u00fa \\u00e9s que es contracti de manera individual, per\\u00f2 alguns col\\u00b7lectius volen oferir aquest benefici als seus associats. D'aquesta manera, la companyia \\u00e9s considerada com a prenedor, mentre que cadascun dels seus socis ser\\u00e0 l'assegurat. En aquest cas, els beneficiaris de la p\\u00f2lissa s\\u00f3n els familiars de la persona assegurada.<\\\/p>\",\"title\":\"Cobertura de salut incloent ictus i infarts i asseguran\\u00e7a d'accidents col\\u00b7lectiu\"}},{\"type\":\"accordion_item\",\"props\":{\"content\":\"\n\n<p>La guarda i cust\\u00f2dia del tac\\u00f2graf digital \\u00e9s un servei que es contracta per guardar c\\u00f2pies de tots els fitxers descarregats del tac\\u00f2graf. Ja sigui usant una clau de desc\\u00e0rrega o amb un sistema de desc\\u00e0rrega remota, l'empresa contractada per a aquesta funci\\u00f3 permet enviar o pujar els fitxers perqu\\u00e8 siguin emmagatzemats en plataformes segures. D'aquesta manera, els fitxers no es perdran per una fallada inform\\u00e0tica. Tamb\\u00e9 es redueix el risc que robin o es facin malb\\u00e9 les dades per un virus. En conjunt, suposen un estalvi de diners.<\\\/p>\",\"title\":\"Servei de guarda i cust\\u00f2dia de dades del tac\\u00f2graf, aix\\u00ed com venda de discos i paper\"}},{\"type\":\"accordion_item\",\"props\":{\"content\":\"\n\n<p>Rentat i assecat TOTALMENT MANUALS, cura acurada de carrosseria, tapisseries i interiors.<\\\/p>\\n\n\n<p>Diferents programes de rentat MANUAL exterior i interior.<\\\/p>\\n\n\n<p>Utilitzaci\\u00f3 de productes biodegradables, NO abrasius. (certificats) respectuosos amb tots els elements del vehicle, i tamb\\u00e9 amb el medi ambient.<\\\/p>\\n\n\n<p>Cites concertades.<\\\/p>\",\"title\":\"Safareig de camions a les nostres instal\\u00b7lacions amb descomptes especials per als associats\"}},{\"type\":\"accordion_item\",\"props\":{\"content\":\"\n\n<p><br \\\/>Associacions de transportistes aut\\u00f2noms portuaris que operen amb exclusivitat als principals ports espanyols, aix\\u00ed com terminals i ports secs de tot l'Estat, van assentar el novembre de 2006, les bases per consolidar-les com una federaci\\u00f3 de professionals a nivell nacional.<\\\/p>\\n\n\n<p>El seu objectiu principal \\u00e9s el reconeixement del transport mar\\u00edtim terrestre com a servei portuari m\\u00e9s, i aix\\u00ed amb l'aval del treball desenvolupat per les seves associacions durant molts anys i amb la finalitat d'assolir una s\\u00e8rie de metes i objectius que permetin que aquest sector es desenvolupi dins d'un marc de qualitat total, diverses associacions amb un inter\\u00e8s com\\u00fa, el del sector del transport terrestre portuari, van constituir el novembre del 2006 aquesta Federaci\\u00f3.<\\\/p>\\n\n\n<p>FENATPORT ha apostat decididament per formar part i estar presents en tots aquells \\u00e0mbits i f\\u00f2rums on es decideixi sobre el futur del transport, per aix\\u00f2 la seva constituci\\u00f3 com a Federaci\\u00f3, ia trav\\u00e9s de la unitat i del treball coordinat poder situar-se en les millors condicions possibles per assolir les millors cotes d'efic\\u00e0cia i qualitat per als transportistes portuaris, darrere del reconeixement com un servei portuari m\\u00e9s.<\\\/p>\\n\n\n<p>Tamb\\u00e9 aposten per la defensa d'un sector que sigui un exemple clar de sostenibilitat i desenvolupament, combatent amb decisi\\u00f3 totes aquelles accions de compet\\u00e8ncia deslleial que es puguin donar, de l'elaboraci\\u00f3 d'una proposta ferma de normativa d'obligacions i drets per a l'exercici de la activitat, tenint en compte que el transport portuari \\u00e9s un servei que es presta amb absoluta exclusivitat i en unes condicions marcada per les caracter\\u00edstiques pr\\u00f2pies de la faceta terrestre de la intermodalitat, etc.<\\\/p>\\n\n\n<p>Actualment formen part de la Federaci\\u00f3 les seg\\u00fcents Associacions: Cotraport (Barcelona), Transcont Tarragona, Transcont Val\\u00e8ncia, i Asotrava (Bilbao).<\\\/p>\\n\n\n<p>Han aconseguit tenir representaci\\u00f3 directa al Comit\\u00e8 Nacional del Transport de Mercaderies per Carretera a trav\\u00e9s de la seva incorporaci\\u00f3 a FETRANSA, i aix\\u00ed poder tenir veu en els assumptes relacionats amb l'ordenaci\\u00f3 del transport per carretera nivell d'institucions estatals i fins i tot a nivell comunitari i europeu .<\\\/p>\",\"title\":\"Associaci\\u00f3 Fenatport\"}},{\"type\":\"accordion_item\",\"props\":{\"content\":\"\n\n<p>La Federaci\\u00f3 Espanyola de Transport Discrecional de Mercaderies, FETRANSA, \\u00e9s una Federaci\\u00f3 de Transports creada a l'empara de la Llei 19\\\/77, que agrupa diverses organitzacions empresarials de transport de mercaderies per carretera del nostre pa\\u00eds.<\\\/p>\\n\n\n<p>Va ser constitu\\u00efda l'any 2.000 per diverses associacions provincials de transportistes que coincidint plenament en els seus plantejaments respecte de la situaci\\u00f3 del nostre sector, van decidir unir-se per ser una sola veu en la defensa i representaci\\u00f3 del transportista aut\\u00f2nom i la petita i mitjana empresa de transports de mercaderies per carretera.<\\\/p>\\n\n\n<p>FETRANSA, al llarg d'aquests anys s'ha anat consolidant i avui \\u00e9s el dia que es pot dir clarament, que t\\u00e9 identitat pr\\u00f2pia, que les seves opinions s\\u00f3n tingudes en compte a tots els f\\u00f2rums de debat del transport, i que t\\u00e9 una participaci\\u00f3 activa al principal \\u00f2rgan consultiu que t\\u00e9 el nostre sector, com \\u00e9s el Comit\\u00e8 Nacional del Transport.<\\\/p>\\n\n\n<p>Amb poc esfor\\u00e7 FETRANSA s'ha dotat d'una infraestructura que actualment li permet tenir seu social a Madrid i atendre totes les gestions que requereixen els seus afiliats, a m\\u00e9s d'anar a les diferents reunions sectorials que es mantenen constantment amb l'Administraci\\u00f3.<\\\/p>\",\"title\":\"Associaci\\u00f3 Fetransa\"}}]}]}]}]}],\"version\":\"4.2.13\"} --><\/p>\n","protected":false},"excerpt":{"rendered":"<p>Renovaci\u00f3 de targeta d&#8217;acc\u00e9s al port. Autoritzaci\u00f3 Gen\u00e8rica (AG). De conformitat amb all\u00f2 establert a la legislaci\u00f3 aplicable als ports d&#8217;inter\u00e8s general, la prestaci\u00f3 de serveis comercials i el desenvolupament d&#8217;activitats industrials, comercials o de serveis per tercers requerir\u00e0 l&#8217;obtenci\u00f3 d&#8217;autoritzaci\u00f3 de l&#8217;Autoritat Portu\u00e0ria. El desenvolupament de l&#8217;activitat de transport terrestre de contenidors al Port [&hellip;]<\/p>\n","protected":false},"author":1,"featured_media":0,"parent":0,"menu_order":4,"comment_status":"closed","ping_status":"closed","template":"","meta":{"_acf_changed":false,"footnotes":""},"class_list":["post-2283","page","type-page","status-publish","hentry"],"acf":[],"_links":{"self":[{"href":"https:\/\/sintraportbcn.com\/ca\/wp-json\/wp\/v2\/pages\/2283","targetHints":{"allow":["GET"]}}],"collection":[{"href":"https:\/\/sintraportbcn.com\/ca\/wp-json\/wp\/v2\/pages"}],"about":[{"href":"https:\/\/sintraportbcn.com\/ca\/wp-json\/wp\/v2\/types\/page"}],"author":[{"embeddable":true,"href":"https:\/\/sintraportbcn.com\/ca\/wp-json\/wp\/v2\/users\/1"}],"replies":[{"embeddable":true,"href":"https:\/\/sintraportbcn.com\/ca\/wp-json\/wp\/v2\/comments?post=2283"}],"version-history":[{"count":15,"href":"https:\/\/sintraportbcn.com\/ca\/wp-json\/wp\/v2\/pages\/2283\/revisions"}],"predecessor-version":[{"id":2324,"href":"https:\/\/sintraportbcn.com\/ca\/wp-json\/wp\/v2\/pages\/2283\/revisions\/2324"}],"wp:attachment":[{"href":"https:\/\/sintraportbcn.com\/ca\/wp-json\/wp\/v2\/media?parent=2283"}],"curies":[{"name":"wp","href":"https:\/\/api.w.org\/{rel}","templated":true}]}}